{"id":3847,"date":"2024-10-17T10:56:57","date_gmt":"2024-10-17T08:56:57","guid":{"rendered":"https:\/\/genevaways.com\/les-arcs\/"},"modified":"2026-01-31T04:23:29","modified_gmt":"2026-01-31T03:23:29","slug":"les-arcs","status":"publish","type":"page","link":"https:\/\/genevaways.com\/fr\/les-arcs\/","title":{"rendered":"Les Arcs"},"content":{"rendered":"<div class=\"wpb-content-wrapper\"><p>[vc_row type=&#8221;full_width_section&#8221;][vc_column]<h3 class=\"center-title\">Transfert de Gen\u00e8ve vers Les Arcs<br \/>\n<\/h3><div class=\"title-block2\"><\/div>[vc_column_text]<\/p>\n<h3 data-start=\"0\" data-end=\"88\">Transferts de luxe de l\u2019A\u00e9roport de Gen\u00e8ve vers Les Arcs avec des v\u00e9hicules Mercedes<\/h3>\n<p data-start=\"90\" data-end=\"217\"><strong data-start=\"90\" data-end=\"143\">Combien co\u00fbte un transfert de Gen\u00e8ve \u00e0 Les Arcs ?<\/strong><br data-start=\"143\" data-end=\"146\" \/>Prix des transferts priv\u00e9s de Gen\u00e8ve \u00e0 Les Arcs \u00e0 partir de <strong data-start=\"206\" data-end=\"217\">840 CHF<\/strong><\/p>\n<p data-start=\"219\" data-end=\"342\"><strong data-start=\"219\" data-end=\"280\">Combien de temps dure le transfert de Gen\u00e8ve \u00e0 Les Arcs ?<\/strong><br data-start=\"280\" data-end=\"283\" \/>Temps des transferts priv\u00e9s de Gen\u00e8ve \u00e0 Les Arcs : <strong data-start=\"334\" data-end=\"342\">2h10<\/strong><\/p>\n<p data-start=\"344\" data-end=\"464\"><strong data-start=\"344\" data-end=\"397\">Quelle est la distance entre Gen\u00e8ve et Les Arcs ?<\/strong><br data-start=\"397\" data-end=\"400\" \/>Distance des transferts priv\u00e9s de Gen\u00e8ve \u00e0 Les Arcs : <strong data-start=\"454\" data-end=\"464\">194 km<\/strong><\/p>\n<p data-start=\"466\" data-end=\"860\">Vous planifiez un voyage \u00e0 <strong data-start=\"493\" data-end=\"505\">Les Arcs<\/strong> et recherchez une exp\u00e9rience de transfert fluide et confortable depuis<a href=\"https:\/\/www.gva.ch\/en\/\" target=\"_blank\" rel=\"noopener\"> <strong data-start=\"577\" data-end=\"601\">l\u2019A\u00e9roport de Gen\u00e8ve<\/strong><\/a> ? Notre flotte premium Mercedes vous garantit un trajet non seulement agr\u00e9able, mais aussi marqu\u00e9 par les plus hauts standards de luxe et de praticit\u00e9. Que vous voyagiez seul, en famille ou en groupe, nous avons le v\u00e9hicule id\u00e9al pour r\u00e9pondre \u00e0 vos besoins.<\/p>\n<hr data-start=\"862\" data-end=\"865\" \/>\n<h3 data-start=\"867\" data-end=\"956\">Options de transfert de l\u2019A\u00e9roport de Gen\u00e8ve vers Les Arcs avec des v\u00e9hicules Mercedes<\/h3>\n<h4 data-start=\"958\" data-end=\"1034\">1. Transfert de l\u2019A\u00e9roport de Gen\u00e8ve vers Les Arcs avec Mercedes E-Class<\/h4>\n<p data-start=\"1035\" data-end=\"1241\">La Mercedes E-Class incarne le raffinement, pour un trajet \u00e9l\u00e9gant et relaxant. Gr\u00e2ce \u00e0 sa technologie avanc\u00e9e et \u00e0 son int\u00e9rieur soign\u00e9, vous arriverez \u00e0 Les Arcs repos\u00e9 et pr\u00eat \u00e0 profiter de votre s\u00e9jour.<\/p>\n<ul data-start=\"1243\" data-end=\"1462\">\n<li data-start=\"1243\" data-end=\"1317\">\n<p data-start=\"1245\" data-end=\"1317\">Nos chauffeurs professionnels assurent ponctualit\u00e9 et conduite souple.<\/p>\n<\/li>\n<li data-start=\"1318\" data-end=\"1389\">\n<p data-start=\"1320\" data-end=\"1389\">Profitez d\u2019un trajet avec des \u00e9quipements de confort haut de gamme.<\/p>\n<\/li>\n<li data-start=\"1390\" data-end=\"1462\">\n<p data-start=\"1392\" data-end=\"1462\">B\u00e9n\u00e9ficiez d\u2019une s\u00e9curit\u00e9 de premier ordre sur la route vers Les Arcs.<\/p>\n<\/li>\n<\/ul>\n<hr data-start=\"1464\" data-end=\"1467\" \/>\n<h4 data-start=\"1469\" data-end=\"1541\">2. Transfert de l\u2019A\u00e9roport de Gen\u00e8ve vers Les Arcs avec Mercedes Van<\/h4>\n<p data-start=\"1542\" data-end=\"1666\">Vous voyagez en groupe ? Le Mercedes Van est parfait pour les familles ou amis recherchant une option spacieuse et luxueuse.<\/p>\n<ul data-start=\"1668\" data-end=\"1876\">\n<li data-start=\"1668\" data-end=\"1737\">\n<p data-start=\"1670\" data-end=\"1737\">Accueille jusqu\u2019\u00e0 8 passagers et leurs bagages en toute facilit\u00e9.<\/p>\n<\/li>\n<li data-start=\"1738\" data-end=\"1801\">\n<p data-start=\"1740\" data-end=\"1801\">Si\u00e8ges confortables et grand espace pour un trajet d\u00e9tendu.<\/p>\n<\/li>\n<li data-start=\"1802\" data-end=\"1876\">\n<p data-start=\"1804\" data-end=\"1876\">Id\u00e9al pour les voyages en groupe, s\u00e9jours au ski ou vacances en famille.<\/p>\n<\/li>\n<\/ul>\n<hr data-start=\"1878\" data-end=\"1881\" \/>\n<h4 data-start=\"1883\" data-end=\"1959\">3. Transfert de l\u2019A\u00e9roport de Gen\u00e8ve vers Les Arcs avec Mercedes V-Class<\/h4>\n<p data-start=\"1961\" data-end=\"2099\"><strong data-start=\"1961\" data-end=\"2025\">Combien co\u00fbte un transfert de Gen\u00e8ve \u00e0 Les Arcs en minivan ?<\/strong><br data-start=\"2025\" data-end=\"2028\" \/>Prix des transferts priv\u00e9s de Gen\u00e8ve \u00e0 Les Arcs \u00e0 partir de <strong data-start=\"2088\" data-end=\"2099\">840 CHF<\/strong><\/p>\n<p data-start=\"2101\" data-end=\"2235\"><strong data-start=\"2101\" data-end=\"2173\">Combien de temps dure le transfert de Gen\u00e8ve \u00e0 Les Arcs en minivan ?<\/strong><br data-start=\"2173\" data-end=\"2176\" \/>Temps des transferts priv\u00e9s de Gen\u00e8ve \u00e0 Les Arcs : <strong data-start=\"2227\" data-end=\"2235\">2h10<\/strong><\/p>\n<p data-start=\"2237\" data-end=\"2368\"><strong data-start=\"2237\" data-end=\"2301\">Quelle est la distance entre Gen\u00e8ve et Les Arcs en minivan ?<\/strong><br data-start=\"2301\" data-end=\"2304\" \/>Distance des transferts priv\u00e9s de Gen\u00e8ve \u00e0 Les Arcs : <strong data-start=\"2358\" data-end=\"2368\">194 km<\/strong><\/p>\n<p data-start=\"2370\" data-end=\"2486\">Si vous souhaitez monter en gamme pour un voyage en groupe, la Mercedes V-Class offre une exp\u00e9rience exceptionnelle.<\/p>\n<ul data-start=\"2488\" data-end=\"2715\">\n<li data-start=\"2488\" data-end=\"2563\">\n<p data-start=\"2490\" data-end=\"2563\">Int\u00e9rieurs premium et fonctionnalit\u00e9s avanc\u00e9es pour un confort maximal.<\/p>\n<\/li>\n<li data-start=\"2564\" data-end=\"2636\">\n<p data-start=\"2566\" data-end=\"2636\">Id\u00e9ale pour les groupes business, les familles ou les voyageurs VIP.<\/p>\n<\/li>\n<li data-start=\"2637\" data-end=\"2715\">\n<p data-start=\"2639\" data-end=\"2715\">L\u2019\u00e9quilibre parfait entre luxe et praticit\u00e9 pour votre trajet vers Les Arcs.<\/p>\n<\/li>\n<\/ul>\n<hr data-start=\"2717\" data-end=\"2720\" \/>\n<h4 data-start=\"2722\" data-end=\"2798\">4. Transfert de l\u2019A\u00e9roport de Gen\u00e8ve vers Les Arcs avec Mercedes S-Class<\/h4>\n<p data-start=\"2799\" data-end=\"2899\">Pour ceux qui recherchent le summum du luxe, la Mercedes S-Class red\u00e9finit le confort et l\u2019\u00e9l\u00e9gance.<\/p>\n<ul data-start=\"2901\" data-end=\"3153\">\n<li data-start=\"2901\" data-end=\"2973\">\n<p data-start=\"2903\" data-end=\"2973\">V\u00e9hicule amiral avec technologie de pointe et prestations luxueuses.<\/p>\n<\/li>\n<li data-start=\"2974\" data-end=\"3065\">\n<p data-start=\"2976\" data-end=\"3065\">Parfaite pour les voyageurs seuls ou les couples souhaitant une exp\u00e9rience first-class.<\/p>\n<\/li>\n<li data-start=\"3066\" data-end=\"3153\">\n<p data-start=\"3068\" data-end=\"3153\">Profitez d\u2019un trajet serein et tout en douceur de l\u2019A\u00e9roport de Gen\u00e8ve vers Les Arcs.<\/p>\n<\/li>\n<\/ul>\n<hr data-start=\"3155\" data-end=\"3158\" \/>\n<h4 data-start=\"3160\" data-end=\"3236\">5. Transfert de l\u2019A\u00e9roport de Gen\u00e8ve vers Les Arcs avec Mercedes Maybach<\/h4>\n<p data-start=\"3237\" data-end=\"3343\">Vivez un luxe incomparable avec la Mercedes Maybach, un v\u00e9hicule synonyme de sophistication et d\u2019opulence.<\/p>\n<ul data-start=\"3345\" data-end=\"3501\">\n<li data-start=\"3345\" data-end=\"3393\">\n<p data-start=\"3347\" data-end=\"3393\">Int\u00e9rieurs haut de gamme et confort in\u00e9gal\u00e9.<\/p>\n<\/li>\n<li data-start=\"3394\" data-end=\"3456\">\n<p data-start=\"3396\" data-end=\"3456\">Un choix exclusif pour les VIP ou les occasions sp\u00e9ciales.<\/p>\n<\/li>\n<li data-start=\"3457\" data-end=\"3501\">\n<p data-start=\"3459\" data-end=\"3501\">Arrivez \u00e0 Les Arcs avec style et prestige.<\/p>\n<\/li>\n<\/ul>\n<hr data-start=\"3503\" data-end=\"3506\" \/>\n<h4 data-start=\"3508\" data-end=\"3593\">6. Transfert de l\u2019A\u00e9roport de Gen\u00e8ve vers Les Arcs avec un bus Mercedes 16 places<\/h4>\n<p data-start=\"3594\" data-end=\"3695\">Vous voyagez en grand groupe ? Notre bus Mercedes 16 places offre l\u2019espace et le confort n\u00e9cessaires.<\/p>\n<ul data-start=\"3697\" data-end=\"3919\">\n<li data-start=\"3697\" data-end=\"3756\">\n<p data-start=\"3699\" data-end=\"3756\">Accueille facilement les groupes et le mat\u00e9riel de ski.<\/p>\n<\/li>\n<li data-start=\"3757\" data-end=\"3841\">\n<p data-start=\"3759\" data-end=\"3841\">Parfait pour \u00e9v\u00e9nements d\u2019entreprise, r\u00e9unions familiales ou vacances en groupe.<\/p>\n<\/li>\n<li data-start=\"3842\" data-end=\"3919\">\n<p data-start=\"3844\" data-end=\"3919\">Profitez d\u2019un trajet s\u00fbr et sans stress avec des chauffeurs professionnels.<\/p>\n<\/li>\n<\/ul>\n<hr data-start=\"3921\" data-end=\"3924\" \/>\n<h3 data-start=\"3926\" data-end=\"3947\">Autour de Les Arcs<\/h3>\n<p data-start=\"3948\" data-end=\"4687\">Autour de Les Arcs, vous pouvez ajouter une journ\u00e9e \u00e0 <a href=\"https:\/\/genevaways.com\/fr\/tignes\/\"><span style=\"text-decoration: underline;\"><strong data-start=\"4002\" data-end=\"4012\">Tignes<\/strong><\/span><\/a> pour du ski en haute altitude, des paysages de glaciers et une ambiance apr\u00e8s-ski diff\u00e9rente. Depuis la zone de <strong data-start=\"4125\" data-end=\"4148\">Bourg-Saint-Maurice<\/strong> (la principale porte d\u2019acc\u00e8s sous Les Arcs), <strong data-start=\"4194\" data-end=\"4204\">Tignes<\/strong> se trouve \u00e0 environ 30 km et se rejoint g\u00e9n\u00e9ralement en moins d\u2019une heure par la route, ce qui en fait un ajout pratique pour combiner deux grandes stations alpines dans un m\u00eame itin\u00e9raire. Que vous pr\u00e9voyiez des journ\u00e9es de ski, des sorties en famille ou un parcours multi-\u00e9tapes, ce concept \u00ab base + stations proches \u00bb est une mani\u00e8re simple de profiter davantage de la r\u00e9gion sans changer d\u2019h\u00e9bergement chaque nuit. Plus d\u2019informations touristiques ici :<br data-start=\"4662\" data-end=\"4665\" \/><a class=\"decorated-link\" href=\"https:\/\/en.tignes.net\/\" target=\"_new\" rel=\"noopener\" data-start=\"4665\" data-end=\"4687\">https:\/\/en.tignes.net\/<\/a><\/p>\n<hr data-start=\"4689\" data-end=\"4692\" \/>\n<h3 data-start=\"4694\" data-end=\"4768\">Pourquoi choisir nos transferts de l\u2019A\u00e9roport de Gen\u00e8ve vers Les Arcs ?<\/h3>\n<ul data-start=\"4769\" data-end=\"5255\">\n<li data-start=\"4769\" data-end=\"4861\">\n<p data-start=\"4771\" data-end=\"4861\"><strong data-start=\"4771\" data-end=\"4791\">Service fiable :<\/strong> Prises en charge et d\u00e9poses ponctuelles, adapt\u00e9es \u00e0 votre planning.<\/p>\n<\/li>\n<li data-start=\"4862\" data-end=\"4975\">\n<p data-start=\"4864\" data-end=\"4975\"><strong data-start=\"4864\" data-end=\"4895\">Chauffeurs professionnels :<\/strong> Des chauffeurs exp\u00e9riment\u00e9s qui privil\u00e9gient votre confort et votre s\u00e9curit\u00e9.<\/p>\n<\/li>\n<li data-start=\"4976\" data-end=\"5068\">\n<p data-start=\"4978\" data-end=\"5068\"><strong data-start=\"4978\" data-end=\"4998\">Flotte de luxe :<\/strong> Un large choix de v\u00e9hicules Mercedes premium selon vos pr\u00e9f\u00e9rences.<\/p>\n<\/li>\n<li data-start=\"5069\" data-end=\"5140\">\n<p data-start=\"5071\" data-end=\"5140\"><strong data-start=\"5071\" data-end=\"5086\">Praticit\u00e9 :<\/strong> R\u00e9servation simple et assistance client de qualit\u00e9.<\/p>\n<\/li>\n<li data-start=\"5141\" data-end=\"5255\">\n<p data-start=\"5143\" data-end=\"5255\"><strong data-start=\"5143\" data-end=\"5168\">S\u00e9curit\u00e9 avant tout :<\/strong> Tous les v\u00e9hicules suivent des contr\u00f4les rigoureux et disposent d\u2019\u00e9quipements avanc\u00e9s.<\/p>\n<\/li>\n<\/ul>\n<hr data-start=\"5257\" data-end=\"5260\" \/>\n<h3 data-start=\"5262\" data-end=\"5298\">Exp\u00e9rience de transfert d\u00e9taill\u00e9e<\/h3>\n<h4 data-start=\"5300\" data-end=\"5373\">Transfert de l\u2019A\u00e9roport de Gen\u00e8ve vers Les Arcs avec Mercedes E-Class<\/h4>\n<p data-start=\"5374\" data-end=\"5722\">Optez pour l\u2019\u00e9l\u00e9gance et le confort avec la Mercedes E-Class pour votre trajet vers Les Arcs. Que vous voyagiez pour les loisirs ou les affaires, ce v\u00e9hicule offre un \u00e9quilibre parfait entre luxe et performance.<br data-start=\"5585\" data-end=\"5588\" \/><strong data-start=\"5588\" data-end=\"5614\">Phrase cl\u00e9 \u00e0 r\u00e9p\u00e9ter :<\/strong> <em data-start=\"5615\" data-end=\"5686\">Transfert de l\u2019A\u00e9roport de Gen\u00e8ve vers Les Arcs avec Mercedes E-Class<\/em> (20 fois, r\u00e9parties naturellement).<\/p>\n<h4 data-start=\"5724\" data-end=\"5793\">Transfert de l\u2019A\u00e9roport de Gen\u00e8ve vers Les Arcs avec Mercedes Van<\/h4>\n<p data-start=\"5794\" data-end=\"6024\">Id\u00e9al pour les familles et les groupes, le Mercedes Van garantit un trajet confortable pour tous.<br data-start=\"5891\" data-end=\"5894\" \/><strong data-start=\"5894\" data-end=\"5920\">Phrase cl\u00e9 \u00e0 r\u00e9p\u00e9ter :<\/strong> <em data-start=\"5921\" data-end=\"5988\">Transfert de l\u2019A\u00e9roport de Gen\u00e8ve vers Les Arcs avec Mercedes Van<\/em> (20 fois, r\u00e9parties naturellement).<\/p>\n<h4 data-start=\"6026\" data-end=\"6099\">Transfert de l\u2019A\u00e9roport de Gen\u00e8ve vers Les Arcs avec Mercedes V-Class<\/h4>\n<p data-start=\"6100\" data-end=\"6318\">La V-Class propose une solution \u00e9l\u00e9gante et spacieuse pour les voyages en groupe.<br data-start=\"6181\" data-end=\"6184\" \/><strong data-start=\"6184\" data-end=\"6210\">Phrase cl\u00e9 \u00e0 r\u00e9p\u00e9ter :<\/strong> <em data-start=\"6211\" data-end=\"6282\">Transfert de l\u2019A\u00e9roport de Gen\u00e8ve vers Les Arcs avec Mercedes V-Class<\/em> (20 fois, r\u00e9parties naturellement).<\/p>\n<h4 data-start=\"6320\" data-end=\"6393\">Transfert de l\u2019A\u00e9roport de Gen\u00e8ve vers Les Arcs avec Mercedes S-Class<\/h4>\n<p data-start=\"6394\" data-end=\"6624\">Voyagez dans le luxe avec la Mercedes S-Class premium, parfaite pour les voyageurs exigeants.<br data-start=\"6487\" data-end=\"6490\" \/><strong data-start=\"6490\" data-end=\"6516\">Phrase cl\u00e9 \u00e0 r\u00e9p\u00e9ter :<\/strong> <em data-start=\"6517\" data-end=\"6588\">Transfert de l\u2019A\u00e9roport de Gen\u00e8ve vers Les Arcs avec Mercedes S-Class<\/em> (20 fois, r\u00e9parties naturellement).<\/p>\n<h4 data-start=\"6626\" data-end=\"6699\">Transfert de l\u2019A\u00e9roport de Gen\u00e8ve vers Les Arcs avec Mercedes Maybach<\/h4>\n<p data-start=\"6700\" data-end=\"6900\">D\u00e9couvrez le summum du voyage de luxe avec la Mercedes Maybach.<br data-start=\"6763\" data-end=\"6766\" \/><strong data-start=\"6766\" data-end=\"6792\">Phrase cl\u00e9 \u00e0 r\u00e9p\u00e9ter :<\/strong> <em data-start=\"6793\" data-end=\"6864\">Transfert de l\u2019A\u00e9roport de Gen\u00e8ve vers Les Arcs avec Mercedes Maybach<\/em> (20 fois, r\u00e9parties naturellement).<\/p>\n<h4 data-start=\"6902\" data-end=\"6981\">Transfert de l\u2019A\u00e9roport de Gen\u00e8ve vers Les Arcs avec bus Mercedes 16 places<\/h4>\n<p data-start=\"6982\" data-end=\"7232\">Parfait pour les grands groupes, le bus Mercedes 16 places offre confort et praticit\u00e9 pour votre transfert.<br data-start=\"7089\" data-end=\"7092\" \/><strong data-start=\"7092\" data-end=\"7118\">Phrase cl\u00e9 \u00e0 r\u00e9p\u00e9ter :<\/strong> <em data-start=\"7119\" data-end=\"7196\">Transfert de l\u2019A\u00e9roport de Gen\u00e8ve vers Les Arcs avec bus Mercedes 16 places<\/em> (20 fois, r\u00e9parties naturellement).<\/p>\n<hr data-start=\"7234\" data-end=\"7237\" \/>\n<h3 data-start=\"7239\" data-end=\"7312\">Comment r\u00e9server votre transfert de l\u2019A\u00e9roport de Gen\u00e8ve vers Les Arcs<\/h3>\n<p data-start=\"7314\" data-end=\"7368\">La r\u00e9servation de votre transfert de luxe est simple :<\/p>\n<ol data-start=\"7370\" data-end=\"7680\">\n<li data-start=\"7370\" data-end=\"7468\">\n<p data-start=\"7373\" data-end=\"7468\"><strong data-start=\"7373\" data-end=\"7404\">Choisissez votre v\u00e9hicule :<\/strong> S\u00e9lectionnez le mod\u00e8le Mercedes le plus adapt\u00e9 \u00e0 vos besoins.<\/p>\n<\/li>\n<li data-start=\"7469\" data-end=\"7574\">\n<p data-start=\"7472\" data-end=\"7574\"><strong data-start=\"7472\" data-end=\"7510\">Renseignez les d\u00e9tails du voyage :<\/strong> Indiquez votre heure d\u2019arriv\u00e9e et les informations de trajet.<\/p>\n<\/li>\n<li data-start=\"7575\" data-end=\"7680\">\n<p data-start=\"7578\" data-end=\"7680\"><strong data-start=\"7578\" data-end=\"7611\">Confirmez votre r\u00e9servation :<\/strong> Profitez de la tranquillit\u00e9 d\u2019esprit : votre transfert est confirm\u00e9.<\/p>\n<\/li>\n<\/ol>\n<p data-start=\"7682\" data-end=\"7874\" data-is-last-node=\"\" data-is-only-node=\"\">Ne faites aucun compromis sur le confort et le style pour votre voyage \u00e0 Les Arcs. Choisissez nos services de transfert premium pour une exp\u00e9rience m\u00e9morable au d\u00e9part de l\u2019A\u00e9roport de Gen\u00e8ve.<\/p>\n<p>[\/vc_column_text][\/vc_column][\/vc_row][vc_row][vc_column][vc_empty_space height=&#8221;70px&#8221;][\/vc_column][\/vc_row]<\/p>\n<\/div>","protected":false},"excerpt":{"rendered":"<p>[vc_row type=&#8221;full_width_section&#8221;][vc_column][vc_column_text] Transferts de luxe de l\u2019A\u00e9roport de Gen\u00e8ve vers Les Arcs avec des v\u00e9hicules Mercedes Combien co\u00fbte un transfert de Gen\u00e8ve \u00e0 Les Arcs ?Prix des transferts priv\u00e9s de Gen\u00e8ve \u00e0 Les Arcs \u00e0 partir de 840 CHF Combien de temps dure le transfert de Gen\u00e8ve \u00e0 Les Arcs ?Temps des transferts priv\u00e9s de<\/p>\n","protected":false},"author":4,"featured_media":0,"parent":0,"menu_order":0,"comment_status":"closed","ping_status":"closed","template":"","meta":{"footnotes":""},"class_list":["post-3847","page","type-page","status-publish","hentry"],"_links":{"self":[{"href":"https:\/\/genevaways.com\/fr\/wp-json\/wp\/v2\/pages\/3847","targetHints":{"allow":["GET"]}}],"collection":[{"href":"https:\/\/genevaways.com\/fr\/wp-json\/wp\/v2\/pages"}],"about":[{"href":"https:\/\/genevaways.com\/fr\/wp-json\/wp\/v2\/types\/page"}],"author":[{"embeddable":true,"href":"https:\/\/genevaways.com\/fr\/wp-json\/wp\/v2\/users\/4"}],"replies":[{"embeddable":true,"href":"https:\/\/genevaways.com\/fr\/wp-json\/wp\/v2\/comments?post=3847"}],"version-history":[{"count":10,"href":"https:\/\/genevaways.com\/fr\/wp-json\/wp\/v2\/pages\/3847\/revisions"}],"predecessor-version":[{"id":7130,"href":"https:\/\/genevaways.com\/fr\/wp-json\/wp\/v2\/pages\/3847\/revisions\/7130"}],"wp:attachment":[{"href":"https:\/\/genevaways.com\/fr\/wp-json\/wp\/v2\/media?parent=3847"}],"curies":[{"name":"wp","href":"https:\/\/api.w.org\/{rel}","templated":true}]}}